{"id":18,"date":"2024-06-05T14:28:00","date_gmt":"2024-06-05T12:28:00","guid":{"rendered":"https:\/\/www.innerstadenspsykoterapi.se\/?page_id=18"},"modified":"2026-03-13T12:43:40","modified_gmt":"2026-03-13T11:43:40","slug":"18-2","status":"publish","type":"page","link":"http:\/\/www.innerstadenspsykoterapi.se\/","title":{"rendered":"Start"},"content":{"rendered":"\n<figure class=\"wp-block-image aligncenter size-full is-resized wp-duotone-rgb388524-rgb204412-1\"><img loading=\"lazy\" decoding=\"async\" width=\"536\" height=\"536\" src=\"http:\/\/www.innerstadenspsykoterapi.se\/wp-content\/uploads\/2024\/06\/Logo_new_darkGrey.png\" alt=\"\" class=\"wp-image-14\" style=\"width:190px;height:auto\" srcset=\"http:\/\/www.innerstadenspsykoterapi.se\/wp-content\/uploads\/2024\/06\/Logo_new_darkGrey.png 536w, http:\/\/www.innerstadenspsykoterapi.se\/wp-content\/uploads\/2024\/06\/Logo_new_darkGrey-300x300.png 300w, http:\/\/www.innerstadenspsykoterapi.se\/wp-content\/uploads\/2024\/06\/Logo_new_darkGrey-150x150.png 150w\" sizes=\"(max-width: 536px) 100vw, 536px\" \/><\/figure>\n\n\n\n<div style=\"height:20px\" aria-hidden=\"true\" class=\"wp-block-spacer\"><\/div>\n\n\n\n<h1 class=\"wp-block-heading has-text-align-center has-x-large-font-size\">Innerstadens Psykoterapi<\/h1>\n\n\n\n<div style=\"height:0px\" aria-hidden=\"true\" class=\"wp-block-spacer\"><\/div>\n\n\n\n<h1 class=\"wp-block-heading has-text-align-center has-text-color has-link-color has-large-font-size wp-elements-bf0f1eecdf0c96bdc22a77e7a5bcca4a\" style=\"color:#515151\">En mottagning med bredd och erfarenhet<\/h1>\n\n\n\n<div style=\"height:100px\" aria-hidden=\"true\" class=\"wp-block-spacer\"><\/div>\n\n\n\n<div class=\"wp-block-columns alignwide is-layout-flex wp-container-core-columns-is-layout-1 wp-block-columns-is-layout-flex\">\n<div class=\"wp-block-column is-layout-flow wp-container-core-column-is-layout-1 wp-block-column-is-layout-flow\">\n<h3 class=\"wp-block-heading is-style-default has-contrast-2-color has-text-color has-link-color wp-elements-48ce0792ac8cd5d009c6c0ba2909ffa5\">V\u00e4lkommen<\/h3>\n\n\n\n<p class=\"has-contrast-2-color has-text-color has-link-color has-small-font-size wp-elements-5cddb2ce6154ed60152ea9d24aed290c\">Vi p\u00e5 Innerstadens psykoterapi \u00e4r en grupp legitimerade psykoterapeuter och\/eller legitimerade psykologer med l\u00e5ng erfarenhet och bred kompetens. De flesta av oss \u00e4r vidareutbildade handledare i psykoterapi.&nbsp;<\/p>\n\n\n\n<p class=\"has-contrast-2-color has-text-color has-link-color has-small-font-size wp-elements-f1d589a6177d05333e8c593e8d01f1e2\">Vi erbjuder individuell psykoterapi med psykodynamisk eller systemisk inriktning, parterapi\/familjeterapi, handledning och konsultation. Vi v\u00e4rnar om professionalitet och det m\u00e4nskliga m\u00f6tet.&nbsp;P\u00e5 v\u00e5ra sidor kan ni l\u00e4sa mer om respektive terapeut.<\/p>\n<\/div>\n\n\n\n<div class=\"wp-block-column is-layout-flow wp-container-core-column-is-layout-2 wp-block-column-is-layout-flow\">\n<div style=\"height:35px\" aria-hidden=\"true\" class=\"wp-block-spacer\"><\/div>\n\n\n\n<p class=\"has-text-align-left has-contrast-2-color has-text-color has-link-color has-small-font-size wp-elements-83a379d615b697c66cf124eb9f9a28d3\">Varmt v\u00e4lkommen att kontakta oss vid fr\u00e5gor eller f\u00f6r att boka tid genom att kontakta n\u00e5gon av oss direkt!<\/p>\n\n\n\n<p class=\"has-contrast-2-color has-text-color has-link-color has-small-font-size wp-elements-bdbd9df8e8270d85dfecf6a4a75da6d7\">V\u00e5r mottagning ligger i centrala Malm\u00f6, n\u00e4ra buss och t\u00e5g. Du hittar oss l\u00e4ngs kanalen&nbsp;p\u00e5 R\u00f6rsj\u00f6gatan 26A, 2:a v\u00e5ningen i Malm\u00f6. <a href=\"https:\/\/www.innerstadenspsykoterapi.se\/index.php\/om-oss\/\">Hitta hit<\/a>.<\/p>\n<\/div>\n<\/div>\n\n\n\n<div style=\"height:100px\" aria-hidden=\"true\" class=\"wp-block-spacer\"><\/div>\n\n\n\n<h3 class=\"wp-block-heading alignwide has-contrast-color has-text-color has-link-color wp-elements-5952e3c9206c1372d929ab295ece10c8\">Vi erbjuder<\/h3>\n\n\n\n<figure class=\"wp-block-image alignwide size-large has-custom-border is-style-default\"><img loading=\"lazy\" decoding=\"async\" width=\"1024\" height=\"247\" src=\"http:\/\/www.innerstadenspsykoterapi.se\/wp-content\/uploads\/2024\/08\/erbjuder-2-1024x247.jpg\" alt=\"\" class=\"wp-image-362\" style=\"border-radius:20px\" srcset=\"http:\/\/www.innerstadenspsykoterapi.se\/wp-content\/uploads\/2024\/08\/erbjuder-2-1024x247.jpg 1024w, http:\/\/www.innerstadenspsykoterapi.se\/wp-content\/uploads\/2024\/08\/erbjuder-2-300x72.jpg 300w, http:\/\/www.innerstadenspsykoterapi.se\/wp-content\/uploads\/2024\/08\/erbjuder-2-768x185.jpg 768w, http:\/\/www.innerstadenspsykoterapi.se\/wp-content\/uploads\/2024\/08\/erbjuder-2-1536x370.jpg 1536w, http:\/\/www.innerstadenspsykoterapi.se\/wp-content\/uploads\/2024\/08\/erbjuder-2-2048x493.jpg 2048w\" sizes=\"(max-width: 1024px) 100vw, 1024px\" \/><\/figure>\n\n\n\n<div style=\"height:20px\" aria-hidden=\"true\" class=\"wp-block-spacer\"><\/div>\n\n\n\n<div class=\"wp-block-stackable-columns alignwide stk-block-columns stk-block stk-b14d89e\" id=\"psykodynamisk-terapi\" data-block-id=\"b14d89e\"><div class=\"stk-row stk-inner-blocks stk-block-content stk-content-align stk-b14d89e-column alignwide\">\n<div class=\"wp-block-stackable-column stk-block-column stk-column stk-block stk-3f4adff\" data-v=\"4\" data-block-id=\"3f4adff\"><style>@media screen and (min-width:768px){.stk-3f4adff{flex:var(--stk-flex-grow,1) 1 calc(45% - var(--stk-column-gap,0px) * 2 \/ 3 ) !important}}<\/style><div class=\"stk-column-wrapper stk-block-column__content stk-container stk-3f4adff-container stk--no-background stk--no-padding\"><div class=\"stk-block-content stk-inner-blocks stk-3f4adff-inner-blocks\">\n<h3 class=\"wp-block-heading alignwide has-contrast-2-color has-text-color has-link-color wp-elements-f2c07efa997ed8d7006218c3353f3ab0\">Psykodynamisk terapi<\/h3>\n\n\n\n<p class=\"has-contrast-2-color has-text-color has-link-color has-small-font-size wp-elements-ceaa074831601ce763112c9c25141fb0\">Det finns olika anledningar att s\u00f6ka individuell psykoterapi. Livet medf\u00f6r ibland sv\u00e5righeter och utmaningar som kan vara sv\u00e5ra att hantera p\u00e5 egen hand eller med hj\u00e4lp av n\u00e4rst\u00e5ende. Vi m\u00e4nniskor kan drabbas av kriser, av oro och \u00e5ngest, l\u00e5ngvarig nedst\u00e4mdhet eller s\u00f6mnst\u00f6rningar. Om vi upplevt traumatiska h\u00e4ndelser som intr\u00e4ffat nyligen eller under uppv\u00e4xten kan vi beh\u00f6va hj\u00e4lp med att bearbeta dessa upplevelser. Vi kan ocks\u00e5 som individer hamna i \u00e5terkommande problematiska livsm\u00f6nster i f\u00f6rh\u00e5llande till andra&nbsp; eller oss&nbsp; sj\u00e4lv som g\u00f6r att vi f\u00e5r sv\u00e5rt att k\u00e4nna med oss sj\u00e4lva eller att vara med oss sj\u00e4lva.&nbsp;<\/p>\n\n\n\n<p class=\"has-contrast-2-color has-text-color has-link-color has-small-font-size wp-elements-ce5580e947e58901d030ff01414a3f98\">Psykoterapi \u00e4r en f\u00f6rtroendefull regelbunden samtalskontakt med en terapeut under en kortare eller l\u00e4ngre tid. En betydelsefull del av terapin \u00e4r den tillitsfulla relationen mellan individen och terapeuten som \u00e4r en f\u00f6ruts\u00e4ttning f\u00f6r att k\u00e4nna sig trygg och v\u00e5ga utforska sig sj\u00e4lv tillsammans med terapeuten.&nbsp;<\/p>\n<\/div><\/div><\/div>\n\n\n\n<div class=\"wp-block-stackable-column stk-block-column stk-column stk-block stk-3a37529\" data-v=\"4\" data-block-id=\"3a37529\"><style>@media screen and (min-width:768px){.stk-3a37529{flex:var(--stk-flex-grow,1) 1 calc(10% - var(--stk-column-gap,0px) * 2 \/ 3 ) !important}}<\/style><div class=\"stk-column-wrapper stk-block-column__content stk-container stk-3a37529-container stk--no-background stk--no-padding\"><div class=\"stk-block-content stk-inner-blocks stk-3a37529-inner-blocks\"><\/div><\/div><\/div>\n\n\n\n<div class=\"wp-block-stackable-column stk-block-column stk-column stk-block stk-2633071\" data-v=\"4\" data-block-id=\"2633071\"><style>@media screen and (min-width:768px){.stk-2633071{flex:var(--stk-flex-grow,1) 1 calc(45% - var(--stk-column-gap,0px) * 2 \/ 3 ) !important}}<\/style><div class=\"stk-column-wrapper stk-block-column__content stk-container stk-2633071-container stk--no-background stk--no-padding\"><div class=\"stk-block-content stk-inner-blocks stk-2633071-inner-blocks\">\n<div class=\"wp-block-stackable-spacer stk-block-spacer stk--no-padding stk-block stk-144ae94\" data-block-id=\"144ae94\"><style>.stk-144ae94{height:63px !important}@media screen and (max-width:767px){.stk-144ae94{height:10px !important}}<\/style><\/div>\n\n\n\n<p class=\"has-contrast-2-color has-text-color has-link-color has-small-font-size wp-elements-eaec1ce9754af66063f6e1a37ccd6c55\">I dynamisk psykoterapi efterstr\u00e4vas att individen ska f\u00e5 \u00f6kad f\u00f6rst\u00e5else f\u00f6r de besv\u00e4r individen lider av men ocks\u00e5 att f\u00f6rst\u00e5 orsakerna till hur de uppst\u00e5tt. Det kan ske genom att utforska aktuella problem men ocks\u00e5 genom att synligg\u00f6ra dem i individens livshistoria. Vid \u00f6kad k\u00e4nslom\u00e4ssig f\u00f6rst\u00e5else brukar ofta symtomen och besv\u00e4ren minska vilket ocks\u00e5 underl\u00e4ttar att hitta nya f\u00f6rh\u00e5llningss\u00e4tt. I psykodynamisk terapi efterstr\u00e4vas \u00f6kad sj\u00e4lvk\u00e4nnedom men ocks\u00e5 att bli mer av v\u00e5rt unika jag och d\u00e4rmed kunna bli mer sanna mot oss sj\u00e4lva, n\u00e5got som bidrar till en \u00f6kad inre trygghet.&nbsp;<\/p>\n\n\n\n<p class=\"has-contrast-2-color has-text-color has-link-color has-small-font-size wp-elements-60e981fd929deb87a980462e311e579b\">Den psykodynamiska terapin utg\u00e5r ifr\u00e5n syns\u00e4ttet att vi m\u00e4nniskor har dolda och omedvetna delar f\u00f6r oss sj\u00e4lva. Det kan handla om k\u00e4nslor eller upplevelser som vi beh\u00f6ver skydda oss mot av olika anledningar. I terapin blir vi medvetna om v\u00e5ra f\u00f6rsvar och vad vi skyddar oss mot f\u00f6r att sen kunna komma i kontakt med till exempel sm\u00e4rtsamma k\u00e4nslor. I relationen med terapeuten synligg\u00f6rs ofta individens problematiska livsm\u00f6nster vilket g\u00f6r att individen under trygga former f\u00e5r en \u00f6kad k\u00e4nslom\u00e4ssig f\u00f6rst\u00e5else f\u00f6r sig sj\u00e4lv och hittar andra s\u00e4tt att f\u00f6rh\u00e5lla sig till sig sj\u00e4lv och andra.<\/p>\n\n\n\n<p class=\"has-contrast-2-color has-text-color has-link-color has-small-font-size wp-elements-db1d17f1f424fe8bfa81a3b7f085f4a7\">Psykodynamisk terapi kan ges individuellt, till par eller grupp\/familj.&nbsp;<\/p>\n<\/div><\/div><\/div>\n<\/div><\/div>\n\n\n\n<div style=\"height:20px\" aria-hidden=\"true\" class=\"wp-block-spacer\"><\/div>\n\n\n\n<div class=\"wp-block-stackable-columns alignwide stk-block-columns stk-block stk-7cb12f8\" id=\"par-familj-konsult\" data-block-id=\"7cb12f8\"><div class=\"stk-row stk-inner-blocks stk-block-content stk-content-align stk-7cb12f8-column alignwide\">\n<div class=\"wp-block-stackable-column stk-block-column stk-column stk-block stk-c97f167\" data-v=\"4\" data-block-id=\"c97f167\"><style>@media screen and (min-width:768px){.stk-c97f167{flex:var(--stk-flex-grow,1) 1 calc(45% - var(--stk-column-gap,0px) * 2 \/ 3 ) !important}}<\/style><div class=\"stk-column-wrapper stk-block-column__content stk-container stk-c97f167-container stk--no-background stk--no-padding\"><div class=\"stk-block-content stk-inner-blocks stk-c97f167-inner-blocks\">\n<div class=\"wp-block-stackable-image stk-block-image stk-block stk-8ba73d9\" data-block-id=\"8ba73d9\"><style>.stk-8ba73d9 .stk-img-wrapper{aspect-ratio:2\/1 !important;height:auto !important}.stk-8ba73d9 .stk-img-wrapper img{border-radius:20px !important;object-position:49% 63% !important}@media screen and (max-width:1023px){.stk-8ba73d9 .stk-img-wrapper{height:auto !important}}@media screen and (max-width:767px){.stk-8ba73d9 .stk-img-wrapper{height:auto !important}}<\/style><figure><span class=\"stk-img-wrapper stk-image--shape-stretch\"><img loading=\"lazy\" decoding=\"async\" class=\"stk-img wp-image-478\" src=\"http:\/\/www.innerstadenspsykoterapi.se\/wp-content\/uploads\/2024\/10\/curated-lifestyle-PH8zCxu52O0-unsplash-scaled.jpg\" width=\"2560\" height=\"1709\" srcset=\"http:\/\/www.innerstadenspsykoterapi.se\/wp-content\/uploads\/2024\/10\/curated-lifestyle-PH8zCxu52O0-unsplash-scaled.jpg 2560w, http:\/\/www.innerstadenspsykoterapi.se\/wp-content\/uploads\/2024\/10\/curated-lifestyle-PH8zCxu52O0-unsplash-300x200.jpg 300w, http:\/\/www.innerstadenspsykoterapi.se\/wp-content\/uploads\/2024\/10\/curated-lifestyle-PH8zCxu52O0-unsplash-1024x683.jpg 1024w, http:\/\/www.innerstadenspsykoterapi.se\/wp-content\/uploads\/2024\/10\/curated-lifestyle-PH8zCxu52O0-unsplash-768x513.jpg 768w, http:\/\/www.innerstadenspsykoterapi.se\/wp-content\/uploads\/2024\/10\/curated-lifestyle-PH8zCxu52O0-unsplash-1536x1025.jpg 1536w, http:\/\/www.innerstadenspsykoterapi.se\/wp-content\/uploads\/2024\/10\/curated-lifestyle-PH8zCxu52O0-unsplash-2048x1367.jpg 2048w\" sizes=\"(max-width: 2560px) 100vw, 2560px\" \/><\/span><\/figure><\/div>\n\n\n\n<h3 class=\"wp-block-heading has-contrast-2-color has-text-color has-link-color wp-elements-9161f2dca772895c37f3dc50ed5daab5\">Par- och familjeterapi<\/h3>\n\n\n\n<p class=\"has-contrast-2-color has-text-color has-link-color has-small-font-size wp-elements-5a320ead3ff6982be4f7ab57e8bdfd0d\">Det kan finnas flera olika anledningar att s\u00f6ka par -eller familjeterapi d\u00e5 vi upplever sv\u00e5righeter i v\u00e5ra n\u00e4ra relationer. Det kan till exempel handla om sv\u00e5righeter i parrelationen eller mellan f\u00f6r\u00e4lder\/vuxen \u2013 barn. Det kan ocks\u00e5 uppst\u00e5 problem i andra n\u00e4ra relationer.<\/p>\n\n\n\n<p class=\"has-contrast-2-color has-text-color has-link-color has-small-font-size wp-elements-1bbfbe0054156435f6fb0d896a7ccea5\">I systemisk par- och familjeterapi utg\u00e5r vi ifr\u00e5n att alla delar i en familj p\u00e5verkar varandra. En medlem i en familj p\u00e5verkas av de andra familjemedlemmarnas agerande. En familj kan b\u00e5de skapa och uppr\u00e4tth\u00e5lla problem, men den kan ocks\u00e5 hj\u00e4lpas \u00e5t f\u00f6r att komma till f\u00f6r\u00e4ndring och l\u00f6sningar.&nbsp;&nbsp;<\/p>\n\n\n\n<p class=\"has-contrast-2-color has-text-color has-link-color has-small-font-size wp-elements-f329fff72bca08f345066c4a5363669f\">Hur vi ser p\u00e5, behandlar och kommunicerar med varandra p\u00e5verkar vilka vi \u00e4r och hur vi m\u00e5r. Vi kan fastna i samspelsm\u00f6nster som \u00e4r mindre fungerande och det blir ibland sv\u00e5rt att komma vidare.<\/p>\n\n\n\n<p class=\"has-contrast-2-color has-text-color has-link-color has-small-font-size wp-elements-d7b8fd82e344504fbc9f878eb24a8d2b\">Med hj\u00e4lp av terapeutens fr\u00e5gor ges m\u00f6jlighet att lyssna p\u00e5 varandra p\u00e5 ett nytt s\u00e4tt, utmana gamla tankem\u00f6nster och se sig sj\u00e4lv och varandra utifr\u00e5n nya perspektiv. I terapin efterstr\u00e4vas att alla ska k\u00e4nna sig delaktiga i det som h\u00e4nder inom familjen och ges m\u00f6jlighet att se sin del i f\u00f6r\u00e4ndringsarbetet. Familjemedlemmarna\/paret blir delaktiga i f\u00f6r\u00e4ndringsprocessen och kan hj\u00e4lpas \u00e5t att uppr\u00e4tth\u00e5lla det mer fungerande samspelet mellan tr\u00e4ffarna med terapeuten. P\u00e5 s\u00e5 s\u00e4tt blir behandlingen ofta kort men intensiv.<\/p>\n\n\n\n<p class=\"has-contrast-2-color has-text-color has-link-color has-small-font-size wp-elements-63735a05c0769e5d5d49a401007640f4\">Par- och familjeterapi utifr\u00e5n systemiskt perspektiv kan ges individuellt, till par eller grupp\/familj.&nbsp;<\/p>\n<\/div><\/div><\/div>\n\n\n\n<div class=\"wp-block-stackable-column stk-block-column stk-column stk-block stk-a7ffa0c\" data-v=\"4\" data-block-id=\"a7ffa0c\"><style>@media screen and (min-width:768px){.stk-a7ffa0c{flex:var(--stk-flex-grow,1) 1 calc(10% - var(--stk-column-gap,0px) * 2 \/ 3 ) !important}}<\/style><div class=\"stk-column-wrapper stk-block-column__content stk-container stk-a7ffa0c-container stk--no-background stk--no-padding\"><div class=\"stk-block-content stk-inner-blocks stk-a7ffa0c-inner-blocks\">\n<div style=\"height:40px\" aria-hidden=\"true\" class=\"wp-block-spacer\"><\/div>\n<\/div><\/div><\/div>\n\n\n\n<div class=\"wp-block-stackable-column stk-block-column stk-column stk-block stk-4c9960b\" data-v=\"4\" data-block-id=\"4c9960b\"><style>@media screen and (min-width:768px){.stk-4c9960b{flex:var(--stk-flex-grow,1) 1 calc(45% - var(--stk-column-gap,0px) * 2 \/ 3 ) !important}}<\/style><div class=\"stk-column-wrapper stk-block-column__content stk-container stk-4c9960b-container stk--no-background stk--no-padding\"><div class=\"stk-block-content stk-inner-blocks stk-4c9960b-inner-blocks\">\n<div class=\"wp-block-stackable-image stk-block-image stk-block stk-e667afa\" data-block-id=\"e667afa\"><style>.stk-e667afa .stk-img-wrapper{aspect-ratio:2\/1 !important;height:auto !important}.stk-e667afa .stk-img-wrapper img{border-radius:20px !important}@media screen and (max-width:1023px){.stk-e667afa .stk-img-wrapper{height:auto !important}}@media screen and (max-width:767px){.stk-e667afa .stk-img-wrapper{height:auto !important}}<\/style><figure><span class=\"stk-img-wrapper stk-image--shape-stretch\"><img loading=\"lazy\" decoding=\"async\" class=\"stk-img wp-image-496\" src=\"http:\/\/www.innerstadenspsykoterapi.se\/wp-content\/uploads\/2024\/10\/christina-wocintechchat-com-eF7HN40WbAQ-unsplash-kopia-scaled.jpg\" width=\"2560\" height=\"1707\" srcset=\"http:\/\/www.innerstadenspsykoterapi.se\/wp-content\/uploads\/2024\/10\/christina-wocintechchat-com-eF7HN40WbAQ-unsplash-kopia-scaled.jpg 2560w, http:\/\/www.innerstadenspsykoterapi.se\/wp-content\/uploads\/2024\/10\/christina-wocintechchat-com-eF7HN40WbAQ-unsplash-kopia-300x200.jpg 300w, http:\/\/www.innerstadenspsykoterapi.se\/wp-content\/uploads\/2024\/10\/christina-wocintechchat-com-eF7HN40WbAQ-unsplash-kopia-1024x683.jpg 1024w, http:\/\/www.innerstadenspsykoterapi.se\/wp-content\/uploads\/2024\/10\/christina-wocintechchat-com-eF7HN40WbAQ-unsplash-kopia-768x512.jpg 768w, http:\/\/www.innerstadenspsykoterapi.se\/wp-content\/uploads\/2024\/10\/christina-wocintechchat-com-eF7HN40WbAQ-unsplash-kopia-1536x1024.jpg 1536w, http:\/\/www.innerstadenspsykoterapi.se\/wp-content\/uploads\/2024\/10\/christina-wocintechchat-com-eF7HN40WbAQ-unsplash-kopia-2048x1365.jpg 2048w\" sizes=\"(max-width: 2560px) 100vw, 2560px\" \/><\/span><\/figure><\/div>\n\n\n\n<h3 class=\"wp-block-heading has-contrast-2-color has-text-color has-link-color wp-elements-e91c924ba20c4bbf1af88cdceec1c1e4\" id=\"konsultation\">Konsultation<\/h3>\n\n\n\n<p class=\"has-contrast-2-color has-text-color has-link-color has-small-font-size wp-elements-aa3b358a3b763e84e5a197acc3fa4184\">Konsultation \u00e4r en kortare samtalskontakt d\u00e4r du kan f\u00e5 hj\u00e4lp med en avgr\u00e4nsad problematik. Det kan g\u00e4lla privatlivet eller arbetslivet. Samtalen \u00e4r av mer r\u00e5dgivande och v\u00e4gledande karakt\u00e4r. Det kan stanna d\u00e4r efter att du har f\u00e5tt en klarare bild av fr\u00e5gest\u00e4llningen, eller leda fram till att p\u00e5b\u00f6rja en psykoterapi eller handledning.<\/p>\n<\/div><\/div><\/div>\n<\/div><\/div>\n\n\n\n<div style=\"height:50px\" aria-hidden=\"true\" class=\"wp-block-spacer\"><\/div>\n\n\n\n<div class=\"wp-block-stackable-image alignwide stk-block-image stk-block stk-f1bf49a\" data-block-id=\"f1bf49a\"><style>.stk-f1bf49a .stk-img-wrapper{aspect-ratio:3\/1 !important;height:auto !important}.stk-f1bf49a .stk-img-wrapper img{border-radius:20px !important}@media screen and (max-width:1023px){.stk-f1bf49a .stk-img-wrapper{height:auto !important}}@media screen and (max-width:767px){.stk-f1bf49a .stk-img-wrapper{height:auto !important}}<\/style><figure><span class=\"stk-img-wrapper stk-image--shape-stretch\"><img loading=\"lazy\" decoding=\"async\" class=\"stk-img wp-image-475\" src=\"http:\/\/www.innerstadenspsykoterapi.se\/wp-content\/uploads\/2024\/10\/getty-images-lvc1Rxd-JAg-unsplash-scaled.jpg\" width=\"2560\" height=\"1707\" srcset=\"http:\/\/www.innerstadenspsykoterapi.se\/wp-content\/uploads\/2024\/10\/getty-images-lvc1Rxd-JAg-unsplash-scaled.jpg 2560w, http:\/\/www.innerstadenspsykoterapi.se\/wp-content\/uploads\/2024\/10\/getty-images-lvc1Rxd-JAg-unsplash-300x200.jpg 300w, http:\/\/www.innerstadenspsykoterapi.se\/wp-content\/uploads\/2024\/10\/getty-images-lvc1Rxd-JAg-unsplash-1024x683.jpg 1024w, http:\/\/www.innerstadenspsykoterapi.se\/wp-content\/uploads\/2024\/10\/getty-images-lvc1Rxd-JAg-unsplash-768x512.jpg 768w, http:\/\/www.innerstadenspsykoterapi.se\/wp-content\/uploads\/2024\/10\/getty-images-lvc1Rxd-JAg-unsplash-1536x1024.jpg 1536w, http:\/\/www.innerstadenspsykoterapi.se\/wp-content\/uploads\/2024\/10\/getty-images-lvc1Rxd-JAg-unsplash-2048x1365.jpg 2048w\" sizes=\"(max-width: 2560px) 100vw, 2560px\" \/><\/span><\/figure><\/div>\n\n\n\n<div style=\"height:20px\" aria-hidden=\"true\" class=\"wp-block-spacer\"><\/div>\n\n\n\n<div class=\"wp-block-stackable-columns alignwide stk-block-columns stk-block stk-8bfcb8f\" id=\"handledning\" data-block-id=\"8bfcb8f\"><div class=\"stk-row stk-inner-blocks stk-block-content stk-content-align stk-8bfcb8f-column alignwide\">\n<div class=\"wp-block-stackable-column stk-block-column stk-column stk-block stk-f3284c9\" data-v=\"4\" data-block-id=\"f3284c9\"><style>@media screen and (min-width:768px){.stk-f3284c9{flex:var(--stk-flex-grow,1) 1 calc(45% - var(--stk-column-gap,0px) * 2 \/ 3 ) !important}}<\/style><div class=\"stk-column-wrapper stk-block-column__content stk-container stk-f3284c9-container stk--no-background stk--no-padding\"><div class=\"stk-block-content stk-inner-blocks stk-f3284c9-inner-blocks\">\n<h3 class=\"wp-block-heading alignwide has-contrast-2-color has-text-color has-link-color wp-elements-282011f73f80a2fbdf8a6b8d71530b55\">Handledning<\/h3>\n\n\n\n<p class=\"has-text-align-left has-contrast-2-color has-text-color has-link-color has-small-font-size wp-elements-d51996b295cb0b71e44c42ae4775f6ab\">Handledning v\u00e4nder sig till dig som yrkesverksam, antingen som medarbetare eller chef,&nbsp; d\u00e4r du f\u00e5r m\u00f6jlighet att utveckla din professionalitet. Att arbeta med m\u00e4nniskor \u00e4r ofta givande, men kan ocks\u00e5 vara utmanande och kr\u00e4vande. Det kr\u00e4ver god sj\u00e4lvk\u00e4nnedom d\u00e5 du ofta anv\u00e4nder dig sj\u00e4lv som redskap. <\/p>\n\n\n\n<p class=\"has-text-align-left has-contrast-2-color has-text-color has-link-color has-small-font-size wp-elements-a3643c64e60a62d24acb86557e61597b\">Med en extern handledare sker ett l\u00e4rande d\u00e4r du som handleds f\u00e5r utrymme att reflektera \u00f6ver egna upplevelser samtidigt som du utf\u00f6r ett professionellt arbete. Handledning f\u00f6rebygger p\u00e5 s\u00e5 vis \u00f6verbelastning och s\u00e4kerst\u00e4ller samtidigt kvalit\u00e9n i arbetet. <\/p>\n<\/div><\/div><\/div>\n\n\n\n<div class=\"wp-block-stackable-column stk-block-column stk-column stk-block stk-47103fa\" data-v=\"4\" data-block-id=\"47103fa\"><style>@media screen and (min-width:768px){.stk-47103fa{flex:var(--stk-flex-grow,1) 1 calc(10% - var(--stk-column-gap,0px) * 2 \/ 3 ) !important}}<\/style><div class=\"stk-column-wrapper stk-block-column__content stk-container stk-47103fa-container stk--no-background stk--no-padding\"><div class=\"stk-block-content stk-inner-blocks stk-47103fa-inner-blocks\"><\/div><\/div><\/div>\n\n\n\n<div class=\"wp-block-stackable-column stk-block-column stk-column stk-block stk-f47fa0d\" data-v=\"4\" data-block-id=\"f47fa0d\"><style>@media screen and (min-width:768px){.stk-f47fa0d{flex:var(--stk-flex-grow,1) 1 calc(45% - var(--stk-column-gap,0px) * 2 \/ 3 ) !important}}<\/style><div class=\"stk-column-wrapper stk-block-column__content stk-container stk-f47fa0d-container stk--no-background stk--no-padding\"><div class=\"stk-block-content stk-inner-blocks stk-f47fa0d-inner-blocks\">\n<div class=\"wp-block-stackable-spacer stk-block-spacer stk--no-padding stk-block stk-432993a\" data-block-id=\"432993a\"><style>.stk-432993a{height:63px !important}@media screen and (max-width:767px){.stk-432993a{height:10px !important}}<\/style><\/div>\n\n\n\n<p class=\"has-contrast-2-color has-text-color has-link-color has-small-font-size wp-elements-4bfc7f7e55cd70990a102cae43b6e916\">Tillsammans med handledaren f\u00e5r du ny kunskap n\u00e4r teori och praktik integreras. Det skapar f\u00f6ruts\u00e4ttningar f\u00f6r att tillvarata och utveckla kompetens och ger en \u00f6kad trygghet i yrkesrollen.<\/p>\n\n\n\n<p class=\"has-contrast-2-color has-text-color has-link-color has-small-font-size wp-elements-d2468c99c00718e1aedd919dde02d503\">Handledning kan ske i grupp eller individuellt. Sker det i grupp tas den samlade erfarenheten till vara, sker det individuellt kan det bli mer djupg\u00e5ende och personligt. En s\u00e4rskild form \u00e4r utbildningshandledning som v\u00e4nder sig till psykoterapistuderande.<\/p>\n<\/div><\/div><\/div>\n<\/div><\/div>\n\n\n\n<div style=\"height:100px\" aria-hidden=\"true\" class=\"wp-block-spacer\"><\/div>\n\n\n\n<h3 class=\"wp-block-heading alignwide\">Terapeuterna<\/h3>\n\n\n\n<div class=\"wp-block-stackable-columns alignwide stk-block-columns stk-block stk-42ffaae\" data-block-id=\"42ffaae\"><div class=\"stk-row stk-inner-blocks stk-block-content stk-content-align stk-42ffaae-column alignwide\">\n<div class=\"wp-block-stackable-column stk-block-column stk-column stk-block stk-f488639\" data-v=\"4\" data-block-id=\"f488639\"><div class=\"stk-column-wrapper stk-block-column__content stk-container stk-f488639-container stk--no-background stk--no-padding\"><div class=\"stk-block-content stk-inner-blocks stk-f488639-inner-blocks\">\n<div style=\"height:20px\" aria-hidden=\"true\" class=\"wp-block-spacer\"><\/div>\n\n\n\n<p>Vi p\u00e5 Innerstadens psykoterapi v\u00e4rnar om professionalitet och det m\u00e4nskliga m\u00f6tet. Vi \u00e4r en grupp legitimerade psykoterapeuter och\/eller legitimerade psykologer med l\u00e5ng erfarenhet och bred kompetens. De flesta av oss \u00e4r vidareutbildade handledare i psykoterapi.&nbsp;<\/p>\n<\/div><\/div><\/div>\n<\/div><\/div>\n\n\n\n<div style=\"height:20px\" aria-hidden=\"true\" class=\"wp-block-spacer\"><\/div>\n\n\n\n<div class=\"wp-block-stackable-columns alignwide stk-block-columns stk-block stk-855eacb\" data-block-id=\"855eacb\"><style>.stk-855eacb-column{--stk-column-gap:120px !important}@media screen and (max-width:1023px){.stk-855eacb-column{--stk-column-gap:54px !important}}@media screen and (max-width:767px){.stk-855eacb-column{row-gap:78px !important}}<\/style><div class=\"stk-row stk-inner-blocks stk-block-content stk-content-align stk-855eacb-column alignwide\">\n<div class=\"wp-block-stackable-column stk-block-column stk-column stk-block stk-a9c042f\" data-v=\"4\" data-block-id=\"a9c042f\"><style>@media screen and (min-width:768px) and (max-width:1023px){.stk-a9c042f{flex:var(--stk-flex-grow,1) 1 calc(33% - var(--stk-column-gap,0px) * 2 \/ 3 ) !important}}<\/style><div class=\"stk-column-wrapper stk-block-column__content stk-container stk-a9c042f-container stk--no-background stk--no-padding\"><div class=\"stk-block-content stk-inner-blocks stk-a9c042f-inner-blocks\">\n<figure class=\"wp-block-image size-full has-custom-border\"><a href=\"https:\/\/www.innerstadenspsykoterapi.se\/index.php\/terapeuterna\/anita-korall\/\"><img loading=\"lazy\" decoding=\"async\" width=\"1115\" height=\"1396\" src=\"http:\/\/www.innerstadenspsykoterapi.se\/wp-content\/uploads\/2024\/08\/anita.jpg\" alt=\"\" class=\"has-border-color has-accent-5-border-color wp-image-333\" style=\"border-width:0.01em;border-radius:20px;aspect-ratio:1;object-fit:cover\" srcset=\"http:\/\/www.innerstadenspsykoterapi.se\/wp-content\/uploads\/2024\/08\/anita.jpg 1115w, http:\/\/www.innerstadenspsykoterapi.se\/wp-content\/uploads\/2024\/08\/anita-240x300.jpg 240w, http:\/\/www.innerstadenspsykoterapi.se\/wp-content\/uploads\/2024\/08\/anita-818x1024.jpg 818w, http:\/\/www.innerstadenspsykoterapi.se\/wp-content\/uploads\/2024\/08\/anita-768x962.jpg 768w\" sizes=\"(max-width: 1115px) 100vw, 1115px\" \/><\/a><\/figure>\n\n\n\n<h4 class=\"wp-block-heading has-contrast-2-color has-text-color has-link-color wp-elements-6bd5d0cd364105b406fc0ec275c2dd65\" style=\"padding-top:0;padding-bottom:0\"><a href=\"https:\/\/www.innerstadenspsykoterapi.se\/index.php\/terapeuterna\/anita-korall\/\"><strong>Anita Korall<\/strong><\/a><\/h4>\n\n\n\n<p class=\"has-contrast-2-color has-text-color has-link-color has-small-font-size wp-elements-8cf461a9f2be92e2a061f5698f41972c\">Leg Sjuksk\u00f6terska<br>Leg Psykoterapeut<\/p>\n\n\n\n<p class=\"has-small-font-size\">Individuell psykoterapi<\/p>\n<\/div><\/div><\/div>\n\n\n\n<div class=\"wp-block-stackable-column stk-block-column stk-column stk-block stk-5599d46\" data-v=\"4\" data-block-id=\"5599d46\"><style>@media screen and (min-width:768px) and (max-width:1023px){.stk-5599d46{flex:var(--stk-flex-grow,1) 1 calc(33% - var(--stk-column-gap,0px) * 2 \/ 3 ) !important}}<\/style><div class=\"stk-column-wrapper stk-block-column__content stk-container stk-5599d46-container stk--no-background stk--no-padding\"><div class=\"stk-block-content stk-inner-blocks stk-5599d46-inner-blocks\">\n<figure class=\"wp-block-image size-full has-custom-border\"><a href=\"https:\/\/www.innerstadenspsykoterapi.se\/index.php\/terapeuterna\/anna-killick-brandt\/\"><img loading=\"lazy\" decoding=\"async\" width=\"1115\" height=\"1396\" src=\"http:\/\/www.innerstadenspsykoterapi.se\/wp-content\/uploads\/2024\/08\/anna.jpg\" alt=\"\" class=\"has-border-color has-accent-5-border-color wp-image-335\" style=\"border-width:0.01em;border-radius:20px;aspect-ratio:1;object-fit:cover\" srcset=\"http:\/\/www.innerstadenspsykoterapi.se\/wp-content\/uploads\/2024\/08\/anna.jpg 1115w, http:\/\/www.innerstadenspsykoterapi.se\/wp-content\/uploads\/2024\/08\/anna-240x300.jpg 240w, http:\/\/www.innerstadenspsykoterapi.se\/wp-content\/uploads\/2024\/08\/anna-818x1024.jpg 818w, http:\/\/www.innerstadenspsykoterapi.se\/wp-content\/uploads\/2024\/08\/anna-768x962.jpg 768w\" sizes=\"(max-width: 1115px) 100vw, 1115px\" \/><\/a><\/figure>\n\n\n\n<h4 class=\"wp-block-heading has-contrast-2-color has-text-color has-link-color wp-elements-572c861acf64efd23a8f9c3581f19e4e\"><a href=\"https:\/\/www.innerstadenspsykoterapi.se\/index.php\/terapeuterna\/anna-killick-brandt\/\"><strong>Anna Killick Brandt<\/strong><\/a><\/h4>\n\n\n\n<p class=\"has-contrast-2-color has-text-color has-link-color has-small-font-size wp-elements-6165dc0d726feef57038871a2dbe0542\">Socionom<br>Leg H\u00e4lso- och sjukv\u00e5rdskurator<br>Leg Psykoterapeut<\/p>\n\n\n\n<p class=\"has-contrast-color has-text-color has-link-color has-small-font-size wp-elements-9f6f48c2351a7d1c5abc284adc3bef62\">Individuell psykoterapi<\/p>\n<\/div><\/div><\/div>\n\n\n\n<div class=\"wp-block-stackable-column stk-block-column stk-column stk-block stk-12d73ec\" data-v=\"4\" data-block-id=\"12d73ec\"><style>@media screen and (min-width:768px) and (max-width:1023px){.stk-12d73ec{flex:var(--stk-flex-grow,1) 1 calc(33% - var(--stk-column-gap,0px) * 2 \/ 3 ) !important}}<\/style><div class=\"stk-column-wrapper stk-block-column__content stk-container stk-12d73ec-container stk--no-background stk--no-padding\"><div class=\"stk-block-content stk-inner-blocks stk-12d73ec-inner-blocks\">\n<figure class=\"wp-block-image size-full has-custom-border\"><a href=\"https:\/\/www.innerstadenspsykoterapi.se\/index.php\/terapeuterna\/annika-hjertqvist\/\"><img loading=\"lazy\" decoding=\"async\" width=\"1115\" height=\"1396\" src=\"http:\/\/www.innerstadenspsykoterapi.se\/wp-content\/uploads\/2024\/08\/annica.jpg\" alt=\"\" class=\"has-border-color has-accent-5-border-color wp-image-337\" style=\"border-width:0.01em;border-radius:20px;aspect-ratio:1;object-fit:cover\" srcset=\"http:\/\/www.innerstadenspsykoterapi.se\/wp-content\/uploads\/2024\/08\/annica.jpg 1115w, http:\/\/www.innerstadenspsykoterapi.se\/wp-content\/uploads\/2024\/08\/annica-240x300.jpg 240w, http:\/\/www.innerstadenspsykoterapi.se\/wp-content\/uploads\/2024\/08\/annica-818x1024.jpg 818w, http:\/\/www.innerstadenspsykoterapi.se\/wp-content\/uploads\/2024\/08\/annica-768x962.jpg 768w\" sizes=\"(max-width: 1115px) 100vw, 1115px\" \/><\/a><\/figure>\n\n\n\n<h4 class=\"wp-block-heading has-contrast-2-color has-text-color has-link-color wp-elements-51d2b7245d4d0b015a47c70a96ed20df\"><a href=\"https:\/\/www.innerstadenspsykoterapi.se\/index.php\/terapeuterna\/annika-hjertqvist\/\"><strong>Annica Hjertqvist<\/strong><\/a><\/h4>\n\n\n\n<p class=\"has-contrast-2-color has-text-color has-link-color has-small-font-size wp-elements-8420d7f5680bcb613b0110316ce8fe6c\">Leg Psykolog<br>Leg Psykoterapeut<br>Specialist i klinisk psykologi<br>Handledare<\/p>\n\n\n\n<p class=\"has-contrast-color has-text-color has-link-color has-small-font-size wp-elements-6d235fdf1aa6e79d1260d1a9f319f906\">Individuell psykoterapi<br>Handledning<\/p>\n<\/div><\/div><\/div>\n<\/div><\/div>\n\n\n\n<div style=\"height:50px\" aria-hidden=\"true\" class=\"wp-block-spacer\"><\/div>\n\n\n\n<div class=\"wp-block-stackable-columns alignwide stk-block-columns stk-block stk-ff54ebb\" data-block-id=\"ff54ebb\"><style>.stk-ff54ebb-column{--stk-column-gap:120px !important}@media screen and (max-width:1023px){.stk-ff54ebb-column{--stk-column-gap:54px !important}}@media screen and (max-width:767px){.stk-ff54ebb-column{row-gap:78px !important}}<\/style><div class=\"stk-row stk-inner-blocks stk-block-content stk-content-align stk-ff54ebb-column alignwide\">\n<div class=\"wp-block-stackable-column stk-block-column stk-column stk-block stk-fcb0c72\" data-v=\"4\" data-block-id=\"fcb0c72\"><style>@media screen and (min-width:768px) and (max-width:1023px){.stk-fcb0c72{flex:var(--stk-flex-grow,1) 1 calc(33% - var(--stk-column-gap,0px) * 2 \/ 3 ) !important}}<\/style><div class=\"stk-column-wrapper stk-block-column__content stk-container stk-fcb0c72-container stk--no-background stk--no-padding\"><div class=\"stk-block-content stk-inner-blocks stk-fcb0c72-inner-blocks\">\n<figure class=\"wp-block-image size-full has-custom-border\"><a href=\"https:\/\/www.innerstadenspsykoterapi.se\/index.php\/terapeuterna\/birgitta-persson\/\"><img loading=\"lazy\" decoding=\"async\" width=\"1115\" height=\"1396\" src=\"http:\/\/www.innerstadenspsykoterapi.se\/wp-content\/uploads\/2024\/08\/birgitta.jpg\" alt=\"\" class=\"has-border-color has-accent-5-border-color wp-image-339\" style=\"border-width:0.01em;border-radius:20px;aspect-ratio:1;object-fit:cover\" srcset=\"http:\/\/www.innerstadenspsykoterapi.se\/wp-content\/uploads\/2024\/08\/birgitta.jpg 1115w, http:\/\/www.innerstadenspsykoterapi.se\/wp-content\/uploads\/2024\/08\/birgitta-240x300.jpg 240w, http:\/\/www.innerstadenspsykoterapi.se\/wp-content\/uploads\/2024\/08\/birgitta-818x1024.jpg 818w, http:\/\/www.innerstadenspsykoterapi.se\/wp-content\/uploads\/2024\/08\/birgitta-768x962.jpg 768w\" sizes=\"(max-width: 1115px) 100vw, 1115px\" \/><\/a><\/figure>\n\n\n\n<h4 class=\"wp-block-heading has-contrast-2-color has-text-color has-link-color wp-elements-fd7ebe1900a7585fdf3f66acf7488b6b\"><a href=\"https:\/\/www.innerstadenspsykoterapi.se\/index.php\/terapeuterna\/birgitta-persson\/\"><strong>Birgitta Persson<\/strong><\/a><\/h4>\n\n\n\n<p class=\"has-contrast-2-color has-text-color has-link-color has-small-font-size wp-elements-4d0c665d94c0a719ca7290e6db3eb902\">Socionom<br>Leg H\u00e4lso- och sjukv\u00e5rdskurator<br>Leg Psykoterapeut<br>Handledare<\/p>\n\n\n\n<p class=\"has-small-font-size\">Individuell psykoterapi<br>Par och familjeterapi<br>Handledning<\/p>\n<\/div><\/div><\/div>\n\n\n\n<div class=\"wp-block-stackable-column stk-block-column stk-column stk-block stk-5a10fc7\" data-v=\"4\" data-block-id=\"5a10fc7\"><style>@media screen and (min-width:768px) and (max-width:1023px){.stk-5a10fc7{flex:var(--stk-flex-grow,1) 1 calc(33% - var(--stk-column-gap,0px) * 2 \/ 3 ) !important}}<\/style><div class=\"stk-column-wrapper stk-block-column__content stk-container stk-5a10fc7-container stk--no-background stk--no-padding\"><div class=\"stk-block-content stk-inner-blocks stk-5a10fc7-inner-blocks\">\n<figure class=\"wp-block-image size-full has-custom-border\"><a href=\"https:\/\/www.innerstadenspsykoterapi.se\/index.php\/terapeuterna\/hedvig-larsson\/\"><img loading=\"lazy\" decoding=\"async\" width=\"1115\" height=\"1396\" src=\"http:\/\/www.innerstadenspsykoterapi.se\/wp-content\/uploads\/2024\/08\/hedvig.jpg\" alt=\"\" class=\"has-border-color has-accent-5-border-color wp-image-343\" style=\"border-width:0.01em;border-radius:20px;aspect-ratio:1;object-fit:cover\" srcset=\"http:\/\/www.innerstadenspsykoterapi.se\/wp-content\/uploads\/2024\/08\/hedvig.jpg 1115w, http:\/\/www.innerstadenspsykoterapi.se\/wp-content\/uploads\/2024\/08\/hedvig-240x300.jpg 240w, http:\/\/www.innerstadenspsykoterapi.se\/wp-content\/uploads\/2024\/08\/hedvig-818x1024.jpg 818w, http:\/\/www.innerstadenspsykoterapi.se\/wp-content\/uploads\/2024\/08\/hedvig-768x962.jpg 768w\" sizes=\"(max-width: 1115px) 100vw, 1115px\" \/><\/a><\/figure>\n\n\n\n<h4 class=\"wp-block-heading has-contrast-2-color has-text-color has-link-color wp-elements-95ea2333d9aedb61824c98fd68591928\"><a href=\"https:\/\/www.innerstadenspsykoterapi.se\/index.php\/terapeuterna\/hedvig-larsson\/\"><strong>Hedvid Larsson<\/strong><\/a><\/h4>\n\n\n\n<p class=\"has-contrast-2-color has-text-color has-link-color has-small-font-size wp-elements-4d0c665d94c0a719ca7290e6db3eb902\">Socionom<br>Leg H\u00e4lso- och sjukv\u00e5rdskurator<br>Leg Psykoterapeut<br>Handledare<\/p>\n\n\n\n<p class=\"has-small-font-size\">Individuell psykoterapi<br>Handledning<\/p>\n<\/div><\/div><\/div>\n\n\n\n<div class=\"wp-block-stackable-column stk-block-column stk-column stk-block stk-07354e9\" data-v=\"4\" data-block-id=\"07354e9\"><div class=\"stk-column-wrapper stk-block-column__content stk-container stk-07354e9-container stk--no-background stk--no-padding\"><div class=\"stk-block-content stk-inner-blocks stk-07354e9-inner-blocks\">\n<figure class=\"wp-block-image size-full has-custom-border\"><img loading=\"lazy\" decoding=\"async\" width=\"1115\" height=\"1396\" src=\"http:\/\/www.innerstadenspsykoterapi.se\/wp-content\/uploads\/2025\/11\/mariaskogsberg_web.jpg\" alt=\"\" class=\"has-border-color has-accent-5-border-color wp-image-559\" style=\"border-width:0.01em;border-radius:20px;aspect-ratio:1;object-fit:cover\" srcset=\"http:\/\/www.innerstadenspsykoterapi.se\/wp-content\/uploads\/2025\/11\/mariaskogsberg_web.jpg 1115w, http:\/\/www.innerstadenspsykoterapi.se\/wp-content\/uploads\/2025\/11\/mariaskogsberg_web-240x300.jpg 240w, http:\/\/www.innerstadenspsykoterapi.se\/wp-content\/uploads\/2025\/11\/mariaskogsberg_web-818x1024.jpg 818w, http:\/\/www.innerstadenspsykoterapi.se\/wp-content\/uploads\/2025\/11\/mariaskogsberg_web-768x962.jpg 768w\" sizes=\"(max-width: 1115px) 100vw, 1115px\" \/><\/figure>\n\n\n\n<h4 class=\"wp-block-heading has-contrast-2-color has-text-color has-link-color wp-elements-2f923aef7d7fd49f00eaf46d31a10e12\"><a href=\"https:\/\/www.innerstadenspsykoterapi.se\/index.php\/terapeuterna\/maria-skogsberg\/\"><strong>Maria Skogsberg<\/strong><\/a><\/h4>\n\n\n\n<p class=\"has-contrast-2-color has-text-color has-link-color has-small-font-size wp-elements-97b87c41d145dc6c4a39e690b0218094\">Leg Psykolog<br>Leg Psykoterapeut<br>Handledare <\/p>\n\n\n\n<p class=\"has-small-font-size\">Individuell psykoterapi<br>Handledning<\/p>\n<\/div><\/div><\/div>\n<\/div><\/div>\n\n\n\n<div style=\"height:50px\" aria-hidden=\"true\" class=\"wp-block-spacer\"><\/div>\n\n\n\n<div class=\"wp-block-stackable-columns alignwide stk-block-columns stk-block stk-a2ed28c\" data-block-id=\"a2ed28c\"><style>.stk-a2ed28c-column{--stk-column-gap:120px !important}@media screen and (max-width:1023px){.stk-a2ed28c-column{--stk-column-gap:54px !important}}@media screen and (max-width:767px){.stk-a2ed28c-column{row-gap:78px !important}}<\/style><div class=\"stk-row stk-inner-blocks stk-block-content stk-content-align stk-a2ed28c-column alignwide\">\n<div class=\"wp-block-stackable-column stk-block-column stk-column stk-block stk-574b18a\" data-v=\"4\" data-block-id=\"574b18a\"><div class=\"stk-column-wrapper stk-block-column__content stk-container stk-574b18a-container stk--no-background stk--no-padding\"><div class=\"stk-block-content stk-inner-blocks stk-574b18a-inner-blocks\">\n<figure class=\"wp-block-image size-full has-custom-border\"><a href=\"https:\/\/www.innerstadenspsykoterapi.se\/index.php\/terapeuterna\/marianne-berggren\/\"><img loading=\"lazy\" decoding=\"async\" width=\"1115\" height=\"1396\" src=\"http:\/\/www.innerstadenspsykoterapi.se\/wp-content\/uploads\/2024\/08\/marianne.jpg\" alt=\"\" class=\"has-border-color has-accent-5-border-color wp-image-347\" style=\"border-width:0.01em;border-radius:20px;aspect-ratio:1;object-fit:cover\" srcset=\"http:\/\/www.innerstadenspsykoterapi.se\/wp-content\/uploads\/2024\/08\/marianne.jpg 1115w, http:\/\/www.innerstadenspsykoterapi.se\/wp-content\/uploads\/2024\/08\/marianne-240x300.jpg 240w, http:\/\/www.innerstadenspsykoterapi.se\/wp-content\/uploads\/2024\/08\/marianne-818x1024.jpg 818w, http:\/\/www.innerstadenspsykoterapi.se\/wp-content\/uploads\/2024\/08\/marianne-768x962.jpg 768w\" sizes=\"(max-width: 1115px) 100vw, 1115px\" \/><\/a><\/figure>\n\n\n\n<h4 class=\"wp-block-heading has-contrast-2-color has-text-color has-link-color wp-elements-1c3861ccdc4c5d4babf5b68e26d7b0a0\"><a href=\"https:\/\/www.innerstadenspsykoterapi.se\/index.php\/terapeuterna\/marianne-berggren\/\"><strong>Marianne Berggren<\/strong><\/a><\/h4>\n\n\n\n<p class=\"has-contrast-2-color has-text-color has-link-color has-small-font-size wp-elements-cbec065aa101ba3042c9dd886e038d3e\">Leg Psykolog<br>ISTDP-terapeut<\/p>\n\n\n\n<p class=\"has-small-font-size\">Individuell psykoterapi<br>Par och familjeterapi<br>Handledning<\/p>\n<\/div><\/div><\/div>\n\n\n\n<div class=\"wp-block-stackable-column stk-block-column stk-column stk-block stk-e959278\" data-v=\"4\" data-block-id=\"e959278\"><div class=\"stk-column-wrapper stk-block-column__content stk-container stk-e959278-container stk--no-background stk--no-padding\"><div class=\"stk-block-content stk-inner-blocks stk-e959278-inner-blocks\">\n<figure class=\"wp-block-image size-full has-custom-border\"><a href=\"https:\/\/www.innerstadenspsykoterapi.se\/index.php\/terapeuterna\/marija-petersson\/\"><img loading=\"lazy\" decoding=\"async\" width=\"1115\" height=\"1396\" src=\"http:\/\/www.innerstadenspsykoterapi.se\/wp-content\/uploads\/2024\/06\/marija.jpg\" alt=\"\" class=\"has-border-color has-accent-5-border-color wp-image-349\" style=\"border-width:0.01em;border-radius:20px;aspect-ratio:1;object-fit:cover\" srcset=\"http:\/\/www.innerstadenspsykoterapi.se\/wp-content\/uploads\/2024\/06\/marija.jpg 1115w, http:\/\/www.innerstadenspsykoterapi.se\/wp-content\/uploads\/2024\/06\/marija-240x300.jpg 240w, http:\/\/www.innerstadenspsykoterapi.se\/wp-content\/uploads\/2024\/06\/marija-818x1024.jpg 818w, http:\/\/www.innerstadenspsykoterapi.se\/wp-content\/uploads\/2024\/06\/marija-768x962.jpg 768w\" sizes=\"(max-width: 1115px) 100vw, 1115px\" \/><\/a><\/figure>\n\n\n\n<h4 class=\"wp-block-heading has-contrast-2-color has-text-color has-link-color wp-elements-6db4137595d8503de08ebd12c49ce9f6\"><a href=\"https:\/\/www.innerstadenspsykoterapi.se\/index.php\/terapeuterna\/marija-petersson\/\"><strong>Marija Petersson<\/strong><\/a><\/h4>\n\n\n\n<p class=\"has-contrast-2-color has-text-color has-link-color has-small-font-size wp-elements-4d0c665d94c0a719ca7290e6db3eb902\">Socionom<br>Leg H\u00e4lso- och sjukv\u00e5rdskurator<br>Leg Psykoterapeut<br>Handledare<\/p>\n\n\n\n<p class=\"has-small-font-size\">Individuell psykoterapi<br>Par och familjeterapi<br>Handledning<\/p>\n<\/div><\/div><\/div>\n\n\n\n<div class=\"wp-block-stackable-column stk-block-column stk-column stk-block stk-08c59de\" data-v=\"4\" data-block-id=\"08c59de\"><div class=\"stk-column-wrapper stk-block-column__content stk-container stk-08c59de-container stk--no-background stk--no-padding\"><div class=\"stk-block-content stk-inner-blocks stk-08c59de-inner-blocks\">\n<figure class=\"wp-block-image size-full has-custom-border\"><img loading=\"lazy\" decoding=\"async\" width=\"1584\" height=\"1620\" src=\"http:\/\/www.innerstadenspsykoterapi.se\/wp-content\/uploads\/2025\/10\/mariesamuelsson2.jpg\" alt=\"\" class=\"has-border-color has-accent-5-border-color wp-image-543\" style=\"border-width:0.01em;border-radius:20px;aspect-ratio:1;object-fit:cover\" srcset=\"http:\/\/www.innerstadenspsykoterapi.se\/wp-content\/uploads\/2025\/10\/mariesamuelsson2.jpg 1584w, http:\/\/www.innerstadenspsykoterapi.se\/wp-content\/uploads\/2025\/10\/mariesamuelsson2-293x300.jpg 293w, http:\/\/www.innerstadenspsykoterapi.se\/wp-content\/uploads\/2025\/10\/mariesamuelsson2-1001x1024.jpg 1001w, http:\/\/www.innerstadenspsykoterapi.se\/wp-content\/uploads\/2025\/10\/mariesamuelsson2-768x785.jpg 768w, http:\/\/www.innerstadenspsykoterapi.se\/wp-content\/uploads\/2025\/10\/mariesamuelsson2-1502x1536.jpg 1502w\" sizes=\"(max-width: 1584px) 100vw, 1584px\" \/><\/figure>\n\n\n\n<h4 class=\"wp-block-heading has-contrast-2-color has-text-color has-link-color wp-elements-4d0b61e279a557a1871f1ec4bb7a2580\"><a href=\"https:\/\/www.innerstadenspsykoterapi.se\/index.php\/marie-samuelsson\/\"><strong>Marie Samuelsson<\/strong><\/a><\/h4>\n\n\n\n<p class=\"has-contrast-2-color has-text-color has-link-color has-small-font-size wp-elements-e36ec60d1341e13d939355c7659030f6\">Socionom<br>Leg Psykoterapeut&nbsp;<\/p>\n\n\n\n<p class=\"has-small-font-size\">Individuell psykoterapi <br>Handledning <\/p>\n<\/div><\/div><\/div>\n<\/div><\/div>\n\n\n\n<div style=\"height:50px\" aria-hidden=\"true\" class=\"wp-block-spacer\"><\/div>\n\n\n\n<div class=\"wp-block-stackable-columns alignwide stk-block-columns stk-block stk-f1e3362\" data-block-id=\"f1e3362\"><style>.stk-f1e3362-column{--stk-column-gap:120px !important}@media screen and (max-width:1023px){.stk-f1e3362-column{--stk-column-gap:54px !important}}@media screen and (max-width:767px){.stk-f1e3362-column{row-gap:78px !important}}<\/style><div class=\"stk-row stk-inner-blocks stk-block-content stk-content-align stk-f1e3362-column alignwide\">\n<div class=\"wp-block-stackable-column stk-block-column stk-column stk-block stk-5f94d40\" data-v=\"4\" data-block-id=\"5f94d40\"><div class=\"stk-column-wrapper stk-block-column__content stk-container stk-5f94d40-container stk--no-background stk--no-padding\"><div class=\"stk-block-content stk-inner-blocks stk-5f94d40-inner-blocks\">\n<figure class=\"wp-block-image size-full has-custom-border\"><a href=\"https:\/\/www.innerstadenspsykoterapi.se\/index.php\/terapeuterna\/pilka-herner\/\"><img loading=\"lazy\" decoding=\"async\" width=\"1115\" height=\"1396\" src=\"http:\/\/www.innerstadenspsykoterapi.se\/wp-content\/uploads\/2024\/08\/pilka.jpg\" alt=\"\" class=\"has-border-color has-accent-5-border-color wp-image-331\" style=\"border-width:0.01em;border-radius:20px;aspect-ratio:1;object-fit:cover\" srcset=\"http:\/\/www.innerstadenspsykoterapi.se\/wp-content\/uploads\/2024\/08\/pilka.jpg 1115w, http:\/\/www.innerstadenspsykoterapi.se\/wp-content\/uploads\/2024\/08\/pilka-240x300.jpg 240w, http:\/\/www.innerstadenspsykoterapi.se\/wp-content\/uploads\/2024\/08\/pilka-818x1024.jpg 818w, http:\/\/www.innerstadenspsykoterapi.se\/wp-content\/uploads\/2024\/08\/pilka-768x962.jpg 768w\" sizes=\"(max-width: 1115px) 100vw, 1115px\" \/><\/a><\/figure>\n\n\n\n<h4 class=\"wp-block-heading has-contrast-2-color has-text-color has-link-color wp-elements-f9e11b82fe69098e9fbeade0c759501d\"><a href=\"https:\/\/www.innerstadenspsykoterapi.se\/index.php\/terapeuterna\/pilka-herner\/\"><strong>Pilka Herner<\/strong><\/a><\/h4>\n\n\n\n<p class=\"has-contrast-2-color has-text-color has-link-color has-small-font-size wp-elements-69f5c9d82787b41989e89adbbc27dbbf\">Speciall\u00e4rare&nbsp;<br>Leg Psykoterapeut<br>Handledare<\/p>\n\n\n\n<p class=\"has-small-font-size\">Individuell psykoterapi&nbsp;<br>Par och familjeterapi<br>Handledning<\/p>\n<\/div><\/div><\/div>\n\n\n\n<div class=\"wp-block-stackable-column stk-block-column stk-column stk-block stk-a2e8b52\" data-v=\"4\" data-block-id=\"a2e8b52\"><div class=\"stk-column-wrapper stk-block-column__content stk-container stk-a2e8b52-container stk--no-background stk--no-padding\"><div class=\"stk-block-content stk-inner-blocks stk-a2e8b52-inner-blocks\">\n<figure class=\"wp-block-image size-full has-custom-border\"><a href=\"https:\/\/www.innerstadenspsykoterapi.se\/index.php\/terapeuterna\/ulla-carnehult-lindberg\/\"><img loading=\"lazy\" decoding=\"async\" width=\"1115\" height=\"1396\" src=\"http:\/\/www.innerstadenspsykoterapi.se\/wp-content\/uploads\/2024\/08\/ulla.jpg\" alt=\"\" class=\"has-border-color has-accent-5-border-color wp-image-351\" style=\"border-width:0.01em;border-radius:20px;aspect-ratio:1;object-fit:cover\" srcset=\"http:\/\/www.innerstadenspsykoterapi.se\/wp-content\/uploads\/2024\/08\/ulla.jpg 1115w, http:\/\/www.innerstadenspsykoterapi.se\/wp-content\/uploads\/2024\/08\/ulla-240x300.jpg 240w, http:\/\/www.innerstadenspsykoterapi.se\/wp-content\/uploads\/2024\/08\/ulla-818x1024.jpg 818w, http:\/\/www.innerstadenspsykoterapi.se\/wp-content\/uploads\/2024\/08\/ulla-768x962.jpg 768w\" sizes=\"(max-width: 1115px) 100vw, 1115px\" \/><\/a><\/figure>\n\n\n\n<h4 class=\"wp-block-heading has-contrast-2-color has-text-color has-link-color wp-elements-c2f4ed7ccfe370186c2fa60333212149\"><a href=\"https:\/\/www.innerstadenspsykoterapi.se\/index.php\/terapeuterna\/ulla-carnehult-lindberg\/\"><strong>Ulla Carnehult Lindberg<\/strong><\/a><\/h4>\n\n\n\n<p class=\"has-contrast-2-color has-text-color has-link-color has-small-font-size wp-elements-dc365084e4de71c70251c3bc491f6fe6\">Socionom<br>Leg Psykoterapeut<br>Handledare<\/p>\n\n\n\n<p class=\"has-small-font-size\">Individuell psykoterapi<br>Par och familjeterapi<br>Handledning<\/p>\n<\/div><\/div><\/div>\n\n\n\n<div class=\"wp-block-stackable-column stk-block-column stk-column stk-block stk-774808f\" data-v=\"4\" data-block-id=\"774808f\"><div class=\"stk-column-wrapper stk-block-column__content stk-container stk-774808f-container stk--no-background stk--no-padding\"><div class=\"stk-block-content stk-inner-blocks stk-774808f-inner-blocks\">\n<figure class=\"wp-block-image size-full has-custom-border\"><img loading=\"lazy\" decoding=\"async\" width=\"262\" height=\"176\" src=\"http:\/\/www.innerstadenspsykoterapi.se\/wp-content\/uploads\/2026\/03\/bakgr.png\" alt=\"\" class=\"has-border-color has-base-2-border-color wp-image-572\" style=\"border-width:0.01em;border-radius:20px;aspect-ratio:1;object-fit:cover\"\/><\/figure>\n<\/div><\/div><\/div>\n<\/div><\/div>\n\n\n\n<div style=\"height:121px\" aria-hidden=\"true\" class=\"wp-block-spacer\"><\/div>\n\n\n\n<div class=\"wp-block-stackable-columns alignwide stk-block-columns stk-block stk-b9ef4d7\" data-block-id=\"b9ef4d7\"><style>.stk-b9ef4d7-column{--stk-columns-spacing:1px !important;--stk-column-gap:61px !important}<\/style><div class=\"stk-row stk-inner-blocks stk-block-content stk-content-align stk-b9ef4d7-column alignwide\">\n<div class=\"wp-block-stackable-column stk-block-column stk-column stk-block stk-24f254a\" data-v=\"4\" data-block-id=\"24f254a\"><div class=\"stk-column-wrapper stk-block-column__content stk-container stk-24f254a-container stk--no-background stk--no-padding\"><div class=\"stk-block-content stk-inner-blocks stk-24f254a-inner-blocks\">\n<figure class=\"wp-block-image size-large is-resized is-style-rounded\"><img loading=\"lazy\" decoding=\"async\" width=\"1024\" height=\"576\" src=\"http:\/\/www.innerstadenspsykoterapi.se\/wp-content\/uploads\/2024\/09\/vy-edited-1024x576.jpg\" alt=\"\" class=\"wp-image-444\" style=\"aspect-ratio:1;object-fit:cover;width:497px;height:auto\" srcset=\"http:\/\/www.innerstadenspsykoterapi.se\/wp-content\/uploads\/2024\/09\/vy-edited-1024x576.jpg 1024w, http:\/\/www.innerstadenspsykoterapi.se\/wp-content\/uploads\/2024\/09\/vy-edited-300x169.jpg 300w, http:\/\/www.innerstadenspsykoterapi.se\/wp-content\/uploads\/2024\/09\/vy-edited-768x432.jpg 768w, http:\/\/www.innerstadenspsykoterapi.se\/wp-content\/uploads\/2024\/09\/vy-edited-1536x864.jpg 1536w, http:\/\/www.innerstadenspsykoterapi.se\/wp-content\/uploads\/2024\/09\/vy-edited.jpg 1835w\" sizes=\"(max-width: 1024px) 100vw, 1024px\" \/><\/figure>\n<\/div><\/div><\/div>\n\n\n\n<div class=\"wp-block-stackable-column stk-block-column stk-column stk-block stk-e709d0d\" data-v=\"4\" data-block-id=\"e709d0d\"><div class=\"stk-column-wrapper stk-block-column__content stk-container stk-e709d0d-container stk--no-background stk--no-padding\"><div class=\"stk-block-content stk-inner-blocks stk-e709d0d-inner-blocks\">\n<h3 class=\"wp-block-heading\">Hitta hit<\/h3>\n\n\n\n<p class=\"has-contrast-2-color has-text-color has-link-color has-small-font-size wp-elements-7dc795c1655c6b9c608fa69157ab10a4\">V\u00e5r mottagning ligger i centrala Malm\u00f6, n\u00e4ra buss och t\u00e5g.<\/p>\n\n\n\n<p class=\"has-contrast-2-color has-text-color has-link-color has-small-font-size wp-elements-8e403d794815fe6cc31f33715e7d9e07\">Vi finns p\u00e5 R\u00f6rsj\u00f6gatan 26A, 2:a v\u00e5ningen i Malm\u00f6. Hiss finns.<br>Parkering hittar du vanligtvis l\u00e4ngs kanalen en kort promenad fr\u00e5n mottagningen.<\/p>\n\n\n\n<div style=\"height:29px\" aria-hidden=\"true\" class=\"wp-block-spacer\"><\/div>\n\n\n\n<div class=\"wp-block-stackable-map stk-block-map stk-block stk-c564ed0\" data-block-id=\"c564ed0\"><style>.stk-c564ed0 .stk-block-map__canvas,.stk-c564ed0 iframe{height:258px !important}<\/style><iframe\n\t\t\t\t\t\ttitle=\"Embedded content from Google Maps Platform.\"\n\t\t\t\t\t\tsrc=\"https:\/\/maps.google.com\/maps?q=R\u00f6rsj\u00f6gatan 26a, malm\u00f6&#038;t=&#038;z=14&#038;ie=UTF8&#038;output=embed\"\n\t\t\t\t\t\tstyle=\"border:0;width:100%;max-width:none;max-height:none;height:100%;\"\n\t\t\t\t\t\taria-hidden=\"false\"\n\t\t\t\t\t\ttabIndex=\"0\"\n\t\t\t\t\t\tallowfullscreen\n\t\t\t\t\t\tloading=\"lazy\"\n\t\t\t\t\t\tframeBorder=\"0\"\n\t\t\t\t\t><\/iframe><\/div>\n<\/div><\/div><\/div>\n<\/div><\/div>\n\n\n\n<div style=\"height:76px\" aria-hidden=\"true\" class=\"wp-block-spacer\"><\/div>\n","protected":false},"excerpt":{"rendered":"<p>Innerstadens Psykoterapi En mottagning med bredd och erfarenhet V\u00e4lkommen Vi p\u00e5 Innerstadens psykoterapi \u00e4r en grupp legitimerade psykoterapeuter och\/eller legitimerade psykologer med l\u00e5ng erfarenhet och bred kompetens. De flesta av oss \u00e4r vidareutbildade handledare i psykoterapi.&nbsp; Vi erbjuder individuell psykoterapi med psykodynamisk eller systemisk inriktning, parterapi\/familjeterapi, handledning och konsultation. Vi v\u00e4rnar om professionalitet och det [&hellip;]<\/p>\n","protected":false},"author":1,"featured_media":0,"parent":0,"menu_order":0,"comment_status":"closed","ping_status":"closed","template":"","meta":{"_monsterinsights_skip_tracking":false,"_monsterinsights_sitenote_active":false,"_monsterinsights_sitenote_note":"","_monsterinsights_sitenote_category":0,"footnotes":""},"yoast_head":"<!-- This site is optimized with the Yoast SEO plugin v22.8 - https:\/\/yoast.com\/wordpress\/plugins\/seo\/ -->\n<title>Start - Innerstadens Psykoterapi<\/title>\n<meta name=\"robots\" content=\"index, follow, max-snippet:-1, max-image-preview:large, max-video-preview:-1\" \/>\n<link rel=\"canonical\" href=\"https:\/\/www.innerstadenspsykoterapi.se\/\" \/>\n<meta property=\"og:locale\" content=\"sv_SE\" \/>\n<meta property=\"og:type\" content=\"article\" \/>\n<meta property=\"og:title\" content=\"Start - Innerstadens Psykoterapi\" \/>\n<meta property=\"og:description\" content=\"Innerstadens Psykoterapi En mottagning med bredd och erfarenhet V\u00e4lkommen Vi p\u00e5 Innerstadens psykoterapi \u00e4r en grupp legitimerade psykoterapeuter och\/eller legitimerade psykologer med l\u00e5ng erfarenhet och bred kompetens. De flesta av oss \u00e4r vidareutbildade handledare i psykoterapi.&nbsp; Vi erbjuder individuell psykoterapi med psykodynamisk eller systemisk inriktning, parterapi\/familjeterapi, handledning och konsultation. Vi v\u00e4rnar om professionalitet och det [&hellip;]\" \/>\n<meta property=\"og:url\" content=\"https:\/\/www.innerstadenspsykoterapi.se\/\" \/>\n<meta property=\"og:site_name\" content=\"Innerstadens Psykoterapi\" \/>\n<meta property=\"article:modified_time\" content=\"2026-03-13T11:43:40+00:00\" \/>\n<meta property=\"og:image\" content=\"http:\/\/www.innerstadenspsykoterapi.se\/wp-content\/uploads\/2024\/06\/Logo_new_darkGrey.png\" \/>\n<meta name=\"twitter:card\" content=\"summary_large_image\" \/>\n<meta name=\"twitter:label1\" content=\"Ber\u00e4knad l\u00e4stid\" \/>\n\t<meta name=\"twitter:data1\" content=\"9 minuter\" \/>\n<script type=\"application\/ld+json\" class=\"yoast-schema-graph\">{\"@context\":\"https:\/\/schema.org\",\"@graph\":[{\"@type\":\"WebPage\",\"@id\":\"https:\/\/www.innerstadenspsykoterapi.se\/\",\"url\":\"https:\/\/www.innerstadenspsykoterapi.se\/\",\"name\":\"Start - Innerstadens Psykoterapi\",\"isPartOf\":{\"@id\":\"https:\/\/www.innerstadenspsykoterapi.se\/#website\"},\"primaryImageOfPage\":{\"@id\":\"https:\/\/www.innerstadenspsykoterapi.se\/#primaryimage\"},\"image\":{\"@id\":\"https:\/\/www.innerstadenspsykoterapi.se\/#primaryimage\"},\"thumbnailUrl\":\"http:\/\/www.innerstadenspsykoterapi.se\/wp-content\/uploads\/2024\/06\/Logo_new_darkGrey.png\",\"datePublished\":\"2024-06-05T12:28:00+00:00\",\"dateModified\":\"2026-03-13T11:43:40+00:00\",\"breadcrumb\":{\"@id\":\"https:\/\/www.innerstadenspsykoterapi.se\/#breadcrumb\"},\"inLanguage\":\"sv-SE\",\"potentialAction\":[{\"@type\":\"ReadAction\",\"target\":[\"https:\/\/www.innerstadenspsykoterapi.se\/\"]}]},{\"@type\":\"ImageObject\",\"inLanguage\":\"sv-SE\",\"@id\":\"https:\/\/www.innerstadenspsykoterapi.se\/#primaryimage\",\"url\":\"http:\/\/www.innerstadenspsykoterapi.se\/wp-content\/uploads\/2024\/06\/Logo_new_darkGrey.png\",\"contentUrl\":\"http:\/\/www.innerstadenspsykoterapi.se\/wp-content\/uploads\/2024\/06\/Logo_new_darkGrey.png\",\"width\":536,\"height\":536},{\"@type\":\"BreadcrumbList\",\"@id\":\"https:\/\/www.innerstadenspsykoterapi.se\/#breadcrumb\",\"itemListElement\":[{\"@type\":\"ListItem\",\"position\":1,\"name\":\"Home\",\"item\":\"https:\/\/www.innerstadenspsykoterapi.se\/\"},{\"@type\":\"ListItem\",\"position\":2,\"name\":\"Start\"}]},{\"@type\":\"WebSite\",\"@id\":\"https:\/\/www.innerstadenspsykoterapi.se\/#website\",\"url\":\"https:\/\/www.innerstadenspsykoterapi.se\/\",\"name\":\"Innerstadens Psykoterapi\",\"description\":\"En mottagning med bredd och erfarenhet\",\"potentialAction\":[{\"@type\":\"SearchAction\",\"target\":{\"@type\":\"EntryPoint\",\"urlTemplate\":\"https:\/\/www.innerstadenspsykoterapi.se\/?s={search_term_string}\"},\"query-input\":\"required name=search_term_string\"}],\"inLanguage\":\"sv-SE\"}]}<\/script>\n<!-- \/ Yoast SEO plugin. -->","yoast_head_json":{"title":"Start - Innerstadens Psykoterapi","robots":{"index":"index","follow":"follow","max-snippet":"max-snippet:-1","max-image-preview":"max-image-preview:large","max-video-preview":"max-video-preview:-1"},"canonical":"https:\/\/www.innerstadenspsykoterapi.se\/","og_locale":"sv_SE","og_type":"article","og_title":"Start - Innerstadens Psykoterapi","og_description":"Innerstadens Psykoterapi En mottagning med bredd och erfarenhet V\u00e4lkommen Vi p\u00e5 Innerstadens psykoterapi \u00e4r en grupp legitimerade psykoterapeuter och\/eller legitimerade psykologer med l\u00e5ng erfarenhet och bred kompetens. De flesta av oss \u00e4r vidareutbildade handledare i psykoterapi.&nbsp; Vi erbjuder individuell psykoterapi med psykodynamisk eller systemisk inriktning, parterapi\/familjeterapi, handledning och konsultation. Vi v\u00e4rnar om professionalitet och det [&hellip;]","og_url":"https:\/\/www.innerstadenspsykoterapi.se\/","og_site_name":"Innerstadens Psykoterapi","article_modified_time":"2026-03-13T11:43:40+00:00","og_image":[{"url":"http:\/\/www.innerstadenspsykoterapi.se\/wp-content\/uploads\/2024\/06\/Logo_new_darkGrey.png"}],"twitter_card":"summary_large_image","twitter_misc":{"Ber\u00e4knad l\u00e4stid":"9 minuter"},"schema":{"@context":"https:\/\/schema.org","@graph":[{"@type":"WebPage","@id":"https:\/\/www.innerstadenspsykoterapi.se\/","url":"https:\/\/www.innerstadenspsykoterapi.se\/","name":"Start - Innerstadens Psykoterapi","isPartOf":{"@id":"https:\/\/www.innerstadenspsykoterapi.se\/#website"},"primaryImageOfPage":{"@id":"https:\/\/www.innerstadenspsykoterapi.se\/#primaryimage"},"image":{"@id":"https:\/\/www.innerstadenspsykoterapi.se\/#primaryimage"},"thumbnailUrl":"http:\/\/www.innerstadenspsykoterapi.se\/wp-content\/uploads\/2024\/06\/Logo_new_darkGrey.png","datePublished":"2024-06-05T12:28:00+00:00","dateModified":"2026-03-13T11:43:40+00:00","breadcrumb":{"@id":"https:\/\/www.innerstadenspsykoterapi.se\/#breadcrumb"},"inLanguage":"sv-SE","potentialAction":[{"@type":"ReadAction","target":["https:\/\/www.innerstadenspsykoterapi.se\/"]}]},{"@type":"ImageObject","inLanguage":"sv-SE","@id":"https:\/\/www.innerstadenspsykoterapi.se\/#primaryimage","url":"http:\/\/www.innerstadenspsykoterapi.se\/wp-content\/uploads\/2024\/06\/Logo_new_darkGrey.png","contentUrl":"http:\/\/www.innerstadenspsykoterapi.se\/wp-content\/uploads\/2024\/06\/Logo_new_darkGrey.png","width":536,"height":536},{"@type":"BreadcrumbList","@id":"https:\/\/www.innerstadenspsykoterapi.se\/#breadcrumb","itemListElement":[{"@type":"ListItem","position":1,"name":"Home","item":"https:\/\/www.innerstadenspsykoterapi.se\/"},{"@type":"ListItem","position":2,"name":"Start"}]},{"@type":"WebSite","@id":"https:\/\/www.innerstadenspsykoterapi.se\/#website","url":"https:\/\/www.innerstadenspsykoterapi.se\/","name":"Innerstadens Psykoterapi","description":"En mottagning med bredd och erfarenhet","potentialAction":[{"@type":"SearchAction","target":{"@type":"EntryPoint","urlTemplate":"https:\/\/www.innerstadenspsykoterapi.se\/?s={search_term_string}"},"query-input":"required name=search_term_string"}],"inLanguage":"sv-SE"}]}},"_links":{"self":[{"href":"http:\/\/www.innerstadenspsykoterapi.se\/index.php\/wp-json\/wp\/v2\/pages\/18"}],"collection":[{"href":"http:\/\/www.innerstadenspsykoterapi.se\/index.php\/wp-json\/wp\/v2\/pages"}],"about":[{"href":"http:\/\/www.innerstadenspsykoterapi.se\/index.php\/wp-json\/wp\/v2\/types\/page"}],"author":[{"embeddable":true,"href":"http:\/\/www.innerstadenspsykoterapi.se\/index.php\/wp-json\/wp\/v2\/users\/1"}],"replies":[{"embeddable":true,"href":"http:\/\/www.innerstadenspsykoterapi.se\/index.php\/wp-json\/wp\/v2\/comments?post=18"}],"version-history":[{"count":10,"href":"http:\/\/www.innerstadenspsykoterapi.se\/index.php\/wp-json\/wp\/v2\/pages\/18\/revisions"}],"predecessor-version":[{"id":575,"href":"http:\/\/www.innerstadenspsykoterapi.se\/index.php\/wp-json\/wp\/v2\/pages\/18\/revisions\/575"}],"wp:attachment":[{"href":"http:\/\/www.innerstadenspsykoterapi.se\/index.php\/wp-json\/wp\/v2\/media?parent=18"}],"curies":[{"name":"wp","href":"https:\/\/api.w.org\/{rel}","templated":true}]}}